{"version":"1.0","provider_name":"Instituto Universitario de Desarrollo Profesional y Crecimiento","provider_url":"https:\/\/iudproc.com.mx\/web","author_name":"admin admin","author_url":"https:\/\/iudproc.com.mx\/web\/author\/admin2025\/","title":"Nuestro equipo acad\u00e9mico - Instituto Universitario de Desarrollo Profesional y Crecimiento","type":"rich","width":600,"height":338,"html":"<blockquote class=\"wp-embedded-content\" data-secret=\"5LK8C3HXg7\"><a href=\"https:\/\/iudproc.com.mx\/web\/nuestro-equipo-academico\/\">Nuestro equipo acad\u00e9mico<\/a><\/blockquote><iframe sandbox=\"allow-scripts\" security=\"restricted\" src=\"https:\/\/iudproc.com.mx\/web\/nuestro-equipo-academico\/embed\/#?secret=5LK8C3HXg7\" width=\"600\" height=\"338\" title=\"\u00abNuestro equipo acad\u00e9mico\u00bb \u2014 Instituto Universitario de Desarrollo Profesional y Crecimiento\" data-secret=\"5LK8C3HXg7\" frameborder=\"0\" marginwidth=\"0\" marginheight=\"0\" scrolling=\"no\" class=\"wp-embedded-content\"><\/iframe><script type=\"text\/javascript\">\n\/* <![CDATA[ *\/\n\/*! This file is auto-generated *\/\n!function(d,l){\"use strict\";l.querySelector&&d.addEventListener&&\"undefined\"!=typeof URL&&(d.wp=d.wp||{},d.wp.receiveEmbedMessage||(d.wp.receiveEmbedMessage=function(e){var t=e.data;if((t||t.secret||t.message||t.value)&&!\/[^a-zA-Z0-9]\/.test(t.secret)){for(var s,r,n,a=l.querySelectorAll('iframe[data-secret=\"'+t.secret+'\"]'),o=l.querySelectorAll('blockquote[data-secret=\"'+t.secret+'\"]'),c=new RegExp(\"^https?:$\",\"i\"),i=0;i<o.length;i++)o[i].style.display=\"none\";for(i=0;i<a.length;i++)s=a[i],e.source===s.contentWindow&&(s.removeAttribute(\"style\"),\"height\"===t.message?(1e3<(r=parseInt(t.value,10))?r=1e3:~~r<200&&(r=200),s.height=r):\"link\"===t.message&&(r=new URL(s.getAttribute(\"src\")),n=new URL(t.value),c.test(n.protocol))&&n.host===r.host&&l.activeElement===s&&(d.top.location.href=t.value))}},d.addEventListener(\"message\",d.wp.receiveEmbedMessage,!1),l.addEventListener(\"DOMContentLoaded\",function(){for(var e,t,s=l.querySelectorAll(\"iframe.wp-embedded-content\"),r=0;r<s.length;r++)(t=(e=s[r]).getAttribute(\"data-secret\"))||(t=Math.random().toString(36).substring(2,12),e.src+=\"#?secret=\"+t,e.setAttribute(\"data-secret\",t)),e.contentWindow.postMessage({message:\"ready\",secret:t},\"*\")},!1)))}(window,document);\n\/\/# sourceURL=https:\/\/iudproc.com.mx\/web\/wp-includes\/js\/wp-embed.min.js\n\/* ]]> *\/\n<\/script>\n","description":"Nuestro equipo acad\u00e9micoDescubre a los profesionales que est\u00e1n detr\u00e1s de tu formaci\u00f3n en IUDPROC. Nuestro equipo acad\u00e9mico est\u00e1 compuesto por expertos apasionados por la ense\u00f1anza y comprometidos con tu \u00e9xito. Conoce sus trayectorias y c\u00f3mo pueden ayudarte a alcanzar tus metas. Filosof\u00eda acad\u00e9mica En IUDPROC, nuestra filosof\u00eda acad\u00e9mica se fundamenta en la excelencia y el compromiso con la formaci\u00f3n integral. Nos enorgullece contar con un equipo acad\u00e9mico de catedr\u00e1ticos altamente calificados, provenientes de las mejores universidades y con vasta experiencia en sus campos. Conoce c\u00f3mo nuestros principios educativos y la trayectoria de nuestros expertos est\u00e1n dise\u00f1ados para ofrecerte una educaci\u00f3n de primer nivel y prepararte para sobresalir en el mundo profesional. Mass Image Compressor Compressed this image. https:\/\/sourceforge.net\/projects\/icompress\/ with Quality:63 Mass Image Compressor Compressed this image. https:\/\/sourceforge.net\/projects\/icompress\/ with Quality:63 Mass Image Compressor Compressed this image. https:\/\/sourceforge.net\/projects\/icompress\/ with Quality:63 Mass Image Compressor Compressed this image. https:\/\/sourceforge.net\/projects\/icompress\/ with Quality:63 Organigrama Mtro. Gabriel Dom\u00ednguez AlfonsoRECTOR\u00cdA Mtra. X\u00f3chitl Y. Aguilar Mac\u00edasDIRECTORA GENERAL Mtra. Dorys Novillo Su\u00e1rezDIRECTORA DE VINCULACI\u00d3N Y ADMISIONES Mtra. Dorys Novillo Su\u00e1rezDIRECTORA DE VINCULACI\u00d3N Y ADMISIONES Lic. Ivonne P\u00e9rez AguilarASESOR DE VINCULACI\u00d3N Organigrama Con\u00f3cenos","thumbnail_url":"https:\/\/iudproc.com.mx\/web\/wp-content\/uploads\/2024\/09\/Breves-Gabriel-Dominguez.jpeg"}